{"id":3883,"date":"2023-03-20T08:58:27","date_gmt":"2023-03-20T08:58:27","guid":{"rendered":"https:\/\/doingtransitions.org\/milena-feldmann"},"modified":"2023-06-19T11:40:26","modified_gmt":"2023-06-19T11:40:26","slug":"milena-feldmann","status":"publish","type":"page","link":"https:\/\/doingtransitions.org\/en\/milena-feldmann","title":{"rendered":"Milena Feldmann, M.A."},"content":{"rendered":"\n<div class=\"wp-block-columns has-2-columns is-layout-flex wp-container-core-columns-is-layout-9d6595d7 wp-block-columns-is-layout-flex\">\n<div class=\"wp-block-column is-layout-flow wp-block-column-is-layout-flow\">\n<figure class=\"wp-block-image size-large is-style-default\"><img decoding=\"async\" width=\"1024\" height=\"684\" data-src=\"https:\/\/doingtransitions.org\/wp-content\/uploads\/2023\/03\/DSC_1524-1024x684.jpg\" alt=\"\" class=\"wp-image-3925 lazyload\" data-srcset=\"https:\/\/doingtransitions.org\/wp-content\/uploads\/2023\/03\/DSC_1524-1024x684.jpg 1024w, https:\/\/doingtransitions.org\/wp-content\/uploads\/2023\/03\/DSC_1524-300x200.jpg 300w, https:\/\/doingtransitions.org\/wp-content\/uploads\/2023\/03\/DSC_1524-768x513.jpg 768w, https:\/\/doingtransitions.org\/wp-content\/uploads\/2023\/03\/DSC_1524-1536x1025.jpg 1536w, https:\/\/doingtransitions.org\/wp-content\/uploads\/2023\/03\/DSC_1524-2048x1367.jpg 2048w, https:\/\/doingtransitions.org\/wp-content\/uploads\/2023\/03\/DSC_1524-600x400.jpg 600w\" data-sizes=\"(max-width: 1024px) 100vw, 1024px\" src=\"data:image\/svg+xml;base64,PHN2ZyB3aWR0aD0iMSIgaGVpZ2h0PSIxIiB4bWxucz0iaHR0cDovL3d3dy53My5vcmcvMjAwMC9zdmciPjwvc3ZnPg==\" style=\"--smush-placeholder-width: 1024px; --smush-placeholder-aspect-ratio: 1024\/684;\" \/><\/figure>\n<\/div>\n\n\n\n<div class=\"wp-block-column is-layout-flow wp-block-column-is-layout-flow\">\n<h2 class=\"wp-block-heading\">contact<\/h2>\n\n\n\n<p>Goethe-University Frankfurt<br>GRK Doing Transitions<\/p>\n\n\n\n<p>address:<br>IKB-building, 4<sup>th<\/sup> floor<br>Eschersheimer Landstra\u00dfe 121<br>60322 Frankfurt am Main<\/p>\n\n\n\n<p>postal address:<br>Theodor-W.-Adorno-Platz 1<br>IKB-Geb\u00e4ude, Postfach 3<br>60323 Frankfurt am Main<\/p>\n\n\n\n<p>Tel.: +49 (0)69 79836335<\/p>\n\n\n\n<p>feldmann[at]soz.uni-frankfurt.de<\/p>\n<\/div>\n<\/div>\n\n\n\n<p><\/p>\n\n\n\n<h2 class=\"wp-block-heading\">Publications<\/h2>\n\n\n\n<p>Feldmann, M.; Rieger-Ladich, M.; Vo\u00df, C.; Wortmann, K. (2022): P\u00e4dagogisches Vokabular in Bewegung.<br>Zur Rolle der Allgemeinen Erziehungswissenschaft. In: Erziehungswissenschaft. Mitteillungen der Deutschen Gesellschaft f\u00fcr Erziehungswissenschaft, H. 65, Jg. 33, S. 71\u201375.<\/p>\n\n\n\n<p>Feldmann, M. (2022): Eine Brille, viele Perspektiven. M\u00f6glichkeiten und Grenzen<br>von Virtual-Reality-Brillen f\u00fcr Senior_innen. In: Arp, A. L.; Benz, B.; Lutz, K.; Offergeld, J. &amp; Sch\u00f6nig, W. (Hrsg.): Wissenschaftsl\u00e4den in der Sozialen Arbeit. Partizipative Forschung und soziale Innovationen. Weinheim: Beltz Juventa<\/p>\n\n\n\n<p>Feldmann, M.; Rieger-Ladich, M.; Vo\u00df, C. &amp; Wortmann, K. (2022) (Hrsg.): Schl\u00fcsselbegriffe der Allgemeinen Erziehungswissenschaft. P\u00e4dagogisches Vokabular in Bewegung. Weinheim: Beltz Juventa.<\/p>\n\n\n\n<p>Feldmann, M. (2022): Schuld. In: Dies.; Rieger-Ladich, M.; Vo\u00df, C. &amp; Wortmann, K. (2022) (Hrsg.): Schl\u00fcsselbegriffe der Allgemeinen Erziehungswissenschaft. P\u00e4dagogisches Vokabular in Bewegung, S. 380\u2013389.<\/p>\n\n\n\n<p>Feldmann, M.; Vo\u00df, C. (2022): Kulturelle Aneignung. In: Dies.; Rieger-Ladich, M.; Vo\u00df, C. &amp; Wortmann, K. (2022) (Hrsg.): Schl\u00fcsselbegriffe der Allgemeinen Erziehungswissenschaft. P\u00e4dagogisches Vokabular in Bewegung, S. 260\u2013268.<\/p>\n\n\n\n<p>Feldmann, M.; Rieger-Ladich, M. (2021): \u201eErsch\u00fctterung\u201c und \u201e\u00dcberschreitung\u201c: Mit Theodor W. Adorno \u00fcber \u00e4sthetische Bildung nachdenken. In: Zeitschrift f\u00fcr Museum und Bildung, Heft 90\u201391, S. 8\u201320.<\/p>\n\n\n\n<p>Rieger-Ladich, M.; Feldmann, M. &amp; Hoffmann, L. (2021): Streiten lernen. In der Uni? Stimmen aus dem Seminarraum. In: Zeitschrift f\u00fcr Schul- und Professionsentwicklung, S. 38\u201349.<\/p>\n\n\n\n<p>Rieger-Ladich, M.; Feldmann, M. &amp; Petrik, F. (2021): Contested Remembrance: The \u201cOld\u201d Federal Republic and \u201cNew\u201d Right Politics in Germany. In: Dirnberger, M.; Wigger, L. (ed.): Remembrance \u2013 Responsibility \u2013 Reconciliation. New Challenges for Education in Germany and Japan. Verlag J.B. Metzler, p. 31\u201344.<\/p>\n\n\n\n<p>Feldmann, M.; Rieger-Ladich, M. (2021): J.D. Vance, Cultural Alien. On upward mobility. In: Franke, A; Sarkowski, K. &amp; M\u00fcller, S. (ed.): Reading the Social in American Studies. Cham: Palgrave Macmillan\/Springer Nature, p. 153\u2013175.<\/p>\n\n\n\n<p>Feldmann, M.; Rieger-Ladich, M. (2021): Rezension des Sammelbands \u2018Political Correctness und p\u00e4dagogische Kritik\u2019 von Carsten B\u00fcnger und Agniezska Czejkowska. In: Zeitschrift f\u00fcr P\u00e4dagogik, 67 (5), S. 809\u2013812.<\/p>\n\n\n\n<p>Feldmann, M.; Freise, J. (2021): Glokale Kompetenz in der Sozialen Arbeit. In: Genkova, P. (Hrsg.): Handbuch globale Kompetenz. Wiesbaden: Springer VS.<\/p>\n\n\n\n<p>Feldmann, M.; Rieger-Ladich, M. (2020): Privatheit, \u00d6ffentlichkeit, Solidarit\u00e4t. In: B\u00f6hmer, A. et al. (Hrsg.): Soz P\u00e4d Corona. Der sozialp\u00e4dagogische Blog rund um Corona, https:\/\/sozpaed-corona.de\/privatheit-oeffentlichkeit-solidaritaet\/ [Abruf: 21.11.2022]<\/p>\n\n\n\n<p>Feldmann, M. (2020): Einsatz von VR-Technologie in der Senior*innenarbeit. Chancen und Risiken der Nutzung aus Sicht der Sozialen Arbeit. Opladen\/Berlin\/Toronto: Verlag Barbara Budrich.<\/p>\n\n\n\n<h2 class=\"wp-block-heading\">Conference Talks<\/h2>\n\n\n\n<p>Feldmann, M.; Rieger-Ladich, M.; Vo\u00df, C. &amp; Wortmann, K. (2022): Begriffsarbeit als Kulturpolitik. Das p\u00e4dagogische Vokabular in Bewegung. Vortrag auf der Herbsttagung der Kommission Wissenschaftsforschung der DGfE zum Thema \u201eAllgemEINSAMe Erziehungswissenschaft. Daten und Positionen zur Situation der AEW\u201c, Weimar.<\/p>\n\n\n\n<p>Feldmann, M.; Petrik, F. (2022): Fragen des Schuldigwerdens und der Subjektwerdung in Ocean Vuongs Roman \u201eAuf Erden sind wir kurz grandios\u201c. Vortrag auf der Tagung \u201eP\u00e4dagogische Lekt\u00fcre zeitgen\u00f6ssischer Romane zum Thema \u201aSchuldig werden\u2018\u201c, Universit\u00e4t T\u00fcbingen.<\/p>\n\n\n\n<p>Feldmann, M. (2021): \u201eWut und Scham im Museum oder: Was hat Adorno mit der Rede von \u201aBildung\u2018, \u201aKrise\u2018 und \u201aExklusion\u2018 zu tun?\u201c. Vortrag auf der Tagung \u201e\u00c4sthetik der Krise\u201c der Studienstiftung des Deutschen Volkes, Universit\u00e4t T\u00fcbingen.<\/p>\n\n\n\n<p>Feldmann, M. (2021): Der schmale Grat zwischen Solidarit\u00e4t und Paternalismus. Vortrag auf dem Studierendenkongress Erziehungswissenschaft \u201eAlle Klarheiten beseitigt\u201c, Bielefeld\/online.<\/p>\n\n\n\n<p>Feldmann, M.; Rieger-Ladich, M. (2021): Gastvortrag zu J.D. Vance im Seminar \u201eEurop\u00e4ische und US-Amerikanische Literatur und Theoriebildung\u201c bei Prof. Jun Yamana an der University of Tokyo, online.<\/p>\n\n\n\n<p>Feldmann, M. (2020): Oma Alice im Wunderland \u2013 VR in der Geragogik. Podcast s_innzeit. https:\/\/www.s-inn.net\/podcast [Abruf: 21.11.2022].<\/p>\n\n\n\n<p>Feldmann, M. (2020): Vortrag im Rahmen des Transferforums \u201eVirtuelle Geragogik in der Realit\u00e4t\u201c des Innovation-Labs K\u00f6ln, online.<\/p>\n\n\n\n<p>Feldmann, M.; Frericks, J. &amp; AlQuaisy, M. (2020): The 17 SDGs and their implementation in Social Work processes. Input at the IFSW Online Global Conference, online.<\/p>\n\n\n\n<h2 class=\"wp-block-heading\">Teaching<\/h2>\n\n\n\n<p>WiSe 2022\/23: \u201eGrundfragen und Grundbegriffe der Erziehungswissenschaft, Bachelor Erziehungswissenschaft, Eberhard Karls Universit\u00e4t T\u00fcbingen, Lehrauftrag.<\/p>\n\n\n\n<p>SoSe 2022: Gestaltung von drei Sitzungen zu \u201eSolidarit\u00e4t und Paternalismus\u201c im Seminar \u201eKrieg(e): Politik und P\u00e4dagogik in d\u00fcsteren Zeiten\u201c bei Dr. Christian Grabau, Universit\u00e4t T\u00fcbingen.<\/p>\n\n\n\n<p>WiSe 2021\/22: \u201eAngewandte Ethik in der Sozialen Arbeit\u201c, Bachelor Soziale Arbeit, Universit\u00e4t Vechta, Lehrauftrag.<\/p>\n\n\n\n<p>WiSe 2020\/21: \u201e17 Ziele f\u00fcr Nachhaltigkeit \u2013 Soziale Arbeit mit globaler Perspektive\u201c, Bachelor Soziale Arbeit, Universit\u00e4t Siegen, Honorart\u00e4tigkeit.<\/p>\n\n\n\n<h2 class=\"wp-block-heading\">Memberships<\/h2>\n\n\n\n<p>Deutsche Gesellschaft f\u00fcr Erziehungswissenschaft (DGfE), Sektion Allgemeine Erziehungswissenschaft, Sektion Sozialp\u00e4dagogik<\/p>\n\n\n\n<p>International Sociological Association (ISA), RC11 Sociology of Aging<\/p>\n\n\n\n<h2 class=\"wp-block-heading\">Homepage&nbsp;DFG-Emmy-Noether Gruppe \u201aLinking Ages\u2018<\/h2>\n\n\n\n<p><a href=\"https:\/\/www.uni-frankfurt.de\/129359205\/Milena_Feldmann\">https:\/\/www.uni-frankfurt.de\/129359205\/Milena_Feldmann<\/a><\/p>\n","protected":false},"excerpt":{"rendered":"<p>contact Goethe-University FrankfurtGRK Doing Transitions address:IKB-building, 4th floorEschersheimer Landstra\u00dfe 12160322 Frankfurt am Main postal address:Theodor-W.-Adorno-Platz 1IKB-Geb\u00e4ude, Postfach 360323 Frankfurt am Main Tel.: +49 (0)69 79836335 feldmann[at]soz.uni-frankfurt.de Publications Feldmann, M.; Rieger-Ladich, [&hellip;]<\/p>\n","protected":false},"author":38,"featured_media":0,"parent":0,"menu_order":0,"comment_status":"closed","ping_status":"closed","template":"","meta":{"_genesis_hide_title":false,"_genesis_hide_breadcrumbs":false,"_genesis_hide_singular_image":false,"_genesis_hide_footer_widgets":false,"_genesis_custom_body_class":"","_genesis_custom_post_class":"","_genesis_layout":"","footnotes":""},"wf_page_folders":[16],"class_list":["post-3883","page","type-page","status-publish","entry"],"featured_image_src":null,"featured_image_src_square":null,"_links":{"self":[{"href":"https:\/\/doingtransitions.org\/en\/wp-json\/wp\/v2\/pages\/3883","targetHints":{"allow":["GET"]}}],"collection":[{"href":"https:\/\/doingtransitions.org\/en\/wp-json\/wp\/v2\/pages"}],"about":[{"href":"https:\/\/doingtransitions.org\/en\/wp-json\/wp\/v2\/types\/page"}],"author":[{"embeddable":true,"href":"https:\/\/doingtransitions.org\/en\/wp-json\/wp\/v2\/users\/38"}],"replies":[{"embeddable":true,"href":"https:\/\/doingtransitions.org\/en\/wp-json\/wp\/v2\/comments?post=3883"}],"version-history":[{"count":4,"href":"https:\/\/doingtransitions.org\/en\/wp-json\/wp\/v2\/pages\/3883\/revisions"}],"predecessor-version":[{"id":4595,"href":"https:\/\/doingtransitions.org\/en\/wp-json\/wp\/v2\/pages\/3883\/revisions\/4595"}],"wp:attachment":[{"href":"https:\/\/doingtransitions.org\/en\/wp-json\/wp\/v2\/media?parent=3883"}],"wp:term":[{"taxonomy":"wf_page_folders","embeddable":true,"href":"https:\/\/doingtransitions.org\/en\/wp-json\/wp\/v2\/wf_page_folders?post=3883"}],"curies":[{"name":"wp","href":"https:\/\/api.w.org\/{rel}","templated":true}]}}